{"id":2837,"date":"2021-05-19T14:17:25","date_gmt":"2021-05-19T17:17:25","guid":{"rendered":"https:\/\/museuafrobrasileiro.com.br\/?page_id=2837"},"modified":"2021-05-19T14:19:01","modified_gmt":"2021-05-19T17:19:01","slug":"ulisses-lima","status":"publish","type":"page","link":"https:\/\/museuafrobrasileiro.com.br\/index.php\/ulisses-lima\/","title":{"rendered":"Ulisses Lima"},"content":{"rendered":"<p>[vc_row use_container=&#8221;yes&#8221; use_predefined_class=&#8221;yes&#8221;][vc_column][ts_section_title animate_block=&#8221;yes&#8221; animation_type=&#8221;pulse&#8221; title=&#8221;Ulisses Lima&#8221;][ts_text_block animate_block=&#8221;yes&#8221; animation_type=&#8221;fadeIn&#8221; animation_delay=&#8221;0.01s&#8221;][&#8230;] Encontrando assim, e buscando at\u00e9 hoje a minha identidade. As fotos de gente das ruas da Bahia, e da Capoeira que pratico a tr\u00eas d\u00e9cadas, passaram a fazer parte de meus clicks, \u00e9 aquela luta deu falar de mim e do meu povo, ao inv\u00e9s de esperar que algu\u00e9m o fa\u00e7a com a hist\u00f3ria e viv\u00eancia que s\u00f3 eu tive.[\/ts_text_block][vc_empty_space]\r\n        <style>\r\n        \t.unique-carousel-164 .owl-next, .unique-carousel-164 .owl-prev{\r\n        \t\tbackground:   !important;\r\n        \t\tcolor:  !important;\r\n        \t}\r\n\r\n        \t.unique-carousel-164.owl-theme .owl-dots .owl-dot.active span, .unique-carousel-164.owl-theme .owl-dots .owl-dot:hover span{\r\n        \t\tbackground:  !important;\r\n        \t}\r\n\r\n        \t.owl-next, .owl-prev{\r\n        \t\ttop: 40%;\r\n        \t}\r\n        <\/style>\r\n        <div class=\"wdo-carosuel-container unique-carousel-164 owl-carousel owl-theme\">\r\n        \t\t\t\t\r\n\t\t<div class=\"item\">\r\n\t\t\t[ts_image image=&#8221;2619&#8243;]\t\t<\/div>\r\n\r\n\t\t\t\t\t\r\n\t\t<div class=\"item\">\r\n\t\t\t[ts_image image=&#8221;2620&#8243;]\t\t<\/div>\r\n\r\n\t\t\t\t\t\r\n\t\t<div class=\"item\">\r\n\t\t\t[ts_image image=&#8221;2621&#8243;]\t\t<\/div>\r\n\r\n\t\t        <\/div>\r\n        <script type=\"text\/javascript\">\r\n        \tjQuery(document).ready(function ($) {\r\n        \t\t$('.unique-carousel-164').owlCarousel({\r\n        \t\t    margin:10,\r\n        \t\t    touchDrag:true,\r\n        \t\t    mouseDrag:true,\r\n        \t\t    animateIn: \"no-animation\",\r\n        \t\t    animateOut: \"no-animation\",\r\n        \t\t    video:true,\r\n        \t\t    videoWidth:true,\r\n        \t\t    videoHeight:300,\r\n        \t\t    loop:true,\r\n        \t\t    slideBy:1,\r\n        \t\t    autoplay:true, \r\n        \t\t    nav:true,\r\n        \t\t    dots:true,\r\n        \t\t    navText:[\"<div class='nav-btn prev-slide'><\/div>\",\"<div class='nav-btn next-slide'><\/div>\"],\r\n        \t\t    responsive:{\r\n        \t\t        0:{\r\n        \t\t            items:1        \t\t        },\r\n        \t\t        600:{\r\n        \t\t            items:1        \t\t        },\r\n        \t\t        1000:{\r\n        \t\t            items:1        \t\t        }\r\n        \t\t    }\r\n        \t\t});\r\n        \t});\r\n        <\/script>\r\n\r\n        [\/vc_column][\/vc_row]<\/p>\n","protected":false},"excerpt":{"rendered":"<p>[vc_row use_container=&#8221;yes&#8221; use_predefined_class=&#8221;yes&#8221;][vc_column][ts_section_title animate_block=&#8221;yes&#8221; animation_type=&#8221;pulse&#8221; title=&#8221;Ulisses Lima&#8221;][ts_text_block animate_block=&#8221;yes&#8221; animation_type=&#8221;fadeIn&#8221; animation_delay=&#8221;0.01s&#8221;][&#8230;] Encontrando assim, e buscando at\u00e9 hoje a minha identidade. As fotos de gente das ruas da Bahia, e da Capoeira que pratico a tr\u00eas d\u00e9cadas, passaram a fazer parte de meus clicks, \u00e9 aquela luta deu falar de mim e do meu povo, ao inv\u00e9s [&hellip;]<\/p>\n","protected":false},"author":1,"featured_media":0,"parent":0,"menu_order":0,"comment_status":"closed","ping_status":"closed","template":"page-builder.php","meta":{"footnotes":""},"class_list":["post-2837","page","type-page","status-publish","format-standard","hentry"],"_links":{"self":[{"href":"https:\/\/museuafrobrasileiro.com.br\/index.php\/wp-json\/wp\/v2\/pages\/2837","targetHints":{"allow":["GET"]}}],"collection":[{"href":"https:\/\/museuafrobrasileiro.com.br\/index.php\/wp-json\/wp\/v2\/pages"}],"about":[{"href":"https:\/\/museuafrobrasileiro.com.br\/index.php\/wp-json\/wp\/v2\/types\/page"}],"author":[{"embeddable":true,"href":"https:\/\/museuafrobrasileiro.com.br\/index.php\/wp-json\/wp\/v2\/users\/1"}],"replies":[{"embeddable":true,"href":"https:\/\/museuafrobrasileiro.com.br\/index.php\/wp-json\/wp\/v2\/comments?post=2837"}],"version-history":[{"count":3,"href":"https:\/\/museuafrobrasileiro.com.br\/index.php\/wp-json\/wp\/v2\/pages\/2837\/revisions"}],"predecessor-version":[{"id":2840,"href":"https:\/\/museuafrobrasileiro.com.br\/index.php\/wp-json\/wp\/v2\/pages\/2837\/revisions\/2840"}],"wp:attachment":[{"href":"https:\/\/museuafrobrasileiro.com.br\/index.php\/wp-json\/wp\/v2\/media?parent=2837"}],"curies":[{"name":"wp","href":"https:\/\/api.w.org\/{rel}","templated":true}]}}